{"id":42556,"date":"2026-04-27T04:42:26","date_gmt":"2026-04-27T04:42:26","guid":{"rendered":""},"modified":"2026-04-27T04:42:26","modified_gmt":"2026-04-27T04:42:26","slug":"akce-koupelnovy-radiator-belti-cerny-matny-42556","status":"publish","type":"product","link":"https:\/\/www.oknobuild.com\/index.php\/produkt\/akce-koupelnovy-radiator-belti-cerny-matny-42556\/","title":{"rendered":"Akce Koupelnov\u00fd radi\u00e1tor BELTI &#8211; \u010dern\u00fd matn\u00fd"},"content":{"rendered":"<div class=\"tabs__content-outer\" id=\"tab_description\" data-hash=\"description\" data-tabindex=\"-1\">\n<div class=\"tabs__content toggle_description\" id=\"content_description\">\n<div class=\"wysiwyg-content\">\n<div class=\"product__tab product__description full-width\">\n<div class=\"container\">\n<div >\n<h3>Koupelnov\u00fd radi\u00e1tor BELTI &#8211; \u010dern\u00fd matn\u00fd<\/h3>\n<p><strong>Koupelnov\u00fd radi\u00e1tor BELTI v barv\u011b C31 black mat (\u010dern\u00e1 matn\u00e1) <\/strong>je elegantn\u00ed <strong>radi\u00e1tor do koupelny<\/strong>\u00a0je dostupn\u00fd v mnoha variant\u00e1ch.\u00a0<strong>BELTI<\/strong>\u00a0je origin\u00e1ln\u00ed radi\u00e1tor vytv\u00e1\u0159ej\u00edc\u00ed neskute\u010dn\u00fd a ojedin\u011bl\u00fd efekt s \u017eebry radi\u00e1toru, kter\u00e9 jsou\u00a0<strong>osazeny v r\u016fzn\u00fdch vzd\u00e1lenostech od sebe<\/strong>.\u00a0Koupelnov\u00e9 radi\u00e1tory jsou vhodn\u00e9 pro klasick\u00e9 vyt\u00e1p\u011bn\u00ed i pro pou\u017eit\u00ed\u00a0<strong>topn\u00e9 ty\u010de<\/strong>. Radi\u00e1tor\u00a0<strong>BELTI<\/strong>\u00a0dod\u00e1v\u00e1me jak s klasick\u00fdm\u00a0<strong>p\u0159ipojen\u00edm (na rozte\u010d)<\/strong>\u00a0tak i se\u00a0<strong>st\u0159edov\u00fdm p\u0159ipojen\u00edm<\/strong>.<\/p>\n<p><strong>Doporu\u010den\u00e9 armatury:<\/strong><\/p>\n<ul>\n<li>CLASSIC-SET<\/li>\n<li>EDGE-SET<\/li>\n<li>PRIME-SADA<\/li>\n<li>SINGLE-SET<\/li>\n<li>TERM-SET<\/li>\n<li>UNI-SADA<\/li>\n<li>HYBRID-SADA<\/li>\n<\/ul>\n<p><strong>Koupelnov\u00e9 radi\u00e1tory\u00a0<\/strong>kompletn\u011b zm\u011bn\u00ed va\u0161e p\u0159edstavy o radi\u00e1torech jak je zn\u00e1te. D\u00edky modern\u00edch technologi\u00edm a materi\u00e1l\u016fm jsou<strong>\u00a0radi\u00e1tory do koupelny<\/strong>\u00a0opat\u0159eny dokonalou antikorozn\u00ed vrstvou. Na tuto vrstvu je teprve nan\u00e1\u0161ena pr\u00e1\u0161kov\u00e1 barva.\u00a0<\/p>\n<p><strong>Koupelnov\u00fd radi\u00e1tor<\/strong>\u00a0je vhodn\u00fd k jedno i dvoutrubkov\u00fdm vyt\u00e1p\u011bc\u00edm syst\u00e9m\u016fm s \u010derpadlem. \u00a0Nebo jako samostatn\u00e1 vyh\u0159\u00edvac\u00ed t\u011blesa s elektrickou otopnou ty\u010d\u00ed.\u00a0<strong>Radi\u00e1tory<\/strong>\u00a0maj\u00ed\u00a0men\u0161\u00ed objem vody, velmi rychle se zah\u0159\u00edvaj\u00ed a jsou v\u00fdborn\u011b regulovateln\u00e9, tak\u017ee si snadno nastav\u00edte tu spr\u00e1vnou teplotu pro v\u00e1\u0161 dokonal\u00fd komfort.<\/p>\n<p><strong>Radi\u00e1tory jsou dod\u00e1v\u00e1ny BEZ topn\u00e9 ty\u010de, za rozm\u011brem je pouze uveden vhodn\u00fd v\u00fdkon ty\u010de pro pat\u0159i\u010dn\u00fd rozm\u011br.\u00a0<\/strong><strong>Standardn\u00ed\u00a0<\/strong><strong>barva C35 white silk (b\u00edl\u00e1 leskl\u00e1).<\/strong><\/p>\n<h4><strong>Dostupn\u00e9 rozm\u011bry radi\u00e1toru BELTI v \u010dern\u00e9 matn\u00e9 barv\u011b C31:\u00a0<\/strong><\/h4>\n<ul>\n<li>400 \u00d7 753 mm, v\u00fdkon 284 W, (topn\u00e1 ty\u010d 300 W)<\/li>\n<li>400 \u00d7 896 mm, v\u00fdkon 321 W, (topn\u00e1 ty\u010d 300 W)<\/li>\n<li>400 \u00d7 1\u2009203 mm, v\u00fdkon 399 W, (topn\u00e1 ty\u010d 300 W)<\/li>\n<li>400 \u00d7 1\u2009573 mm, v\u00fdkon 491 W, (topn\u00e1 ty\u010d 600 W)<\/li>\n<li>500 \u00d7 753 mm, v\u00fdkon 336 W, (topn\u00e1 ty\u010d 300 W)<\/li>\n<li>500 \u00d7 896 mm, v\u00fdkon 380 W, (topn\u00e1 ty\u010d 300 W)<\/li>\n<li>500 \u00d7 1\u2009203 mm, v\u00fdkon 473 W, (topn\u00e1 ty\u010d 300 W)<\/li>\n<li>500 \u00d7 1\u2009573 mm, v\u00fdkon 581 W, (topn\u00e1 ty\u010d 600 W)<\/li>\n<li>600 \u00d7\u00a0753 mm, v\u00fdkon 385 W, (topn\u00e1 ty\u010d 300 W)<\/li>\n<li>600 \u00d7 896 mm, v\u00fdkon 437 W, (topn\u00e1 ty\u010d 300 W)<\/li>\n<li>600 \u00d7 1\u2009203 mm, v\u00fdkon 543 W, (topn\u00e1 ty\u010d 600 W)<\/li>\n<li>600 \u00d7 1\u2009573 mm, v\u00fdkon 667 W, (topn\u00e1 ty\u010d 600 W)<\/li>\n<\/ul>\n<h4><strong>P\u0159ipojen\u00ed radi\u00e1toru:<\/strong>\u00a0<\/h4>\n<ul>\n<li>Radi\u00e1tor 400 mm &#8211; spodn\u00ed 370 mm\u00a0<\/li>\n<li>Radi\u00e1tor 500 mm &#8211; spodn\u00ed 470 mm<\/li>\n<li>Radi\u00e1tor 600 mm &#8211; spodn\u00ed 570 mm\u00a0<\/li>\n<li>St\u0159edov\u00e9 50 mm<\/li>\n<\/ul>\n<h4><strong>Kl\u00ed\u010dov\u00e9 vlastnosti:<\/strong><\/h4>\n<ul>\n<li>rozm\u011bry\u00a0<strong>horizont\u00e1ln\u00edch profil\u016f je 30&#215;10 mm<\/strong>\u00a0a\u00a0<strong>vertik\u00e1ln\u00edch profil\u016f 35&#215;35 mm<\/strong><\/li>\n<li>elegantn\u00ed h\u00e1\u010dky\u00a0<strong>HS3<\/strong>\u00a0slou\u017e\u00ed k pohodln\u00e9mu zav\u011b\u0161en\u00ed velk\u00fdch osu\u0161ek \u010di \u017eupan\u016f<\/li>\n<li>p\u0159ipojen\u00ed radi\u00e1toru\u00a0<strong>klasick\u00e9 (na rozte\u010d)<\/strong>\u00a0nebo\u00a0<strong>spodn\u00ed 50 mm<\/strong><\/li>\n<li>pou\u017eit\u00ed elektrick\u00e9 topn\u00e9 ty\u010de v\u00e1m umo\u017en\u00ed u\u017e\u00edvat si teplo po cel\u00fd rok<\/li>\n<li><strong>snadn\u00e1 instalace<\/strong>\u00a0d\u00edky speci\u00e1ln\u00edm mont\u00e1\u017en\u00edm konzol\u00e1m<\/li>\n<li>pe\u010dliv\u00e9\u00a0<strong>zaji\u0161t\u011bn\u00ed proti po\u0161kozen\u00ed p\u0159i p\u0159eprav\u011b<\/strong><\/li>\n<li><strong>nadstandardn\u00ed z\u00e1ruka 15 let<\/strong><\/li>\n<\/ul>\n<p><\/p>\n<p><b>Vlastnosti<\/b><\/p>\n<ul>\n<li><span>Materi\u00e1l:<\/span> Ocel<\/li>\n<li><span>Barva:<\/span> \u010cern\u00e1<\/li>\n<li><span>Typ_p\u0159ipojen\u00ed:<\/span> St\u0159edov\u00e9 50 mm,Klasick\u00e9 (na rozte\u010d),Jednobodov\u00e9<\/li>\n<li><span>Rozm\u011br_A:<\/span> 400 mm,500 mm,600 mm<\/li>\n<li><span>Rozm\u011br_C:<\/span> 753 mm,896 mm,1203 mm,1573 mm<\/li>\n<li><span>V\u00fdkon:<\/span> 380 W,667 W,284 W,321 W,399 W,491 W,336 W,473 W,581 W,385 W,437 W,543 W<\/li>\n<li><span>Skupina_artiklu:<\/span> S19A<\/li>\n<li><span>P\u0159ipojen\u00ed radi\u00e1toru:<\/span> 500 \u00d7 1573 mm, v\u00fdkon 581 W, Klasick\u00e9 (na rozte\u010d), 600 \u00d7 1203 mm, v\u00fdkon 543 W, Klasick\u00e9 (na rozte\u010d), 600 \u00d7 1573 mm, v\u00fdkon 667 W, Klasick\u00e9 (na rozte\u010d), 400 \u00d7 753 mm, v\u00fdkon 284 W, Klasick\u00e9 (na rozte\u010d), 400 \u00d7 896 mm, v\u00fdkon 321 W, Klasick\u00e9 (na rozte\u010d), 400 \u00d7 1203 mm, v\u00fdkon 399 W, Klasick\u00e9 (na rozte\u010d), 400 \u00d7 1573 mm, v\u00fdkon 491 W, Klasick\u00e9 (na rozte\u010d), 500 \u00d7 753 mm, v\u00fdkon 336 W, Klasick\u00e9 (na rozte\u010d), 500 \u00d7 896 mm, v\u00fdkon 380 W, Klasick\u00e9 (na rozte\u010d), 600 \u00d7 753 mm, v\u00fdkon 385 W, Klasick\u00e9 (na rozte\u010d), 600 \u00d7 896 mm, v\u00fdkon 437 W, Klasick\u00e9 (na rozte\u010d), 500 \u00d7 1203 mm, v\u00fdkon 473 W, Klasick\u00e9 (na rozte\u010d), 400 \u00d7 753 mm, v\u00fdkon 284 W, St\u0159edov\u00e9 50 mm, 400 \u00d7 896 mm, v\u00fdkon 321 W, St\u0159edov\u00e9 50 mm, 400 \u00d7 1203 mm, v\u00fdkon 399 W, St\u0159edov\u00e9 50 mm, 400 \u00d7 1573 mm, v\u00fdkon 491 W, St\u0159edov\u00e9 50 mm, 500 \u00d7 753 mm, v\u00fdkon 336 W, St\u0159edov\u00e9 50 mm, 500 \u00d7 896 mm, v\u00fdkon 380 W, St\u0159edov\u00e9 50 mm, 500 \u00d7 1203 mm, v\u00fdkon 473 W, St\u0159edov\u00e9 50 mm, 500 \u00d7 1573 mm, v\u00fdkon 581 W, St\u0159edov\u00e9 50 mm, 600 \u00d7 753 mm, v\u00fdkon 385 W, St\u0159edov\u00e9 50 mm, 600 \u00d7 896 mm, v\u00fdkon 437 W, St\u0159edov\u00e9 50 mm, 600 \u00d7 1203 mm, v\u00fdkon 543 W, St\u0159edov\u00e9 50 mm, 600 \u00d7 1573 mm, v\u00fdkon 667 W, St\u0159edov\u00e9 50 mm<\/li>\n<\/ul>\n<\/div><\/div>\n<\/p><\/div>\n<\/p><\/div>\n<\/p><\/div>\n","protected":false},"excerpt":{"rendered":"<p>Koupelnov\u00fd radi\u00e1tor BELTI &#8211; \u010dern\u00fd matn\u00fd Koupelnov\u00fd radi\u00e1tor BELTI v barv\u011b C31 black mat (\u010dern\u00e1 matn\u00e1) je elegantn\u00ed radi\u00e1tor do koupelny\u00a0je dostupn\u00fd v mnoha variant\u00e1ch.\u00a0BELTI\u00a0je origin\u00e1ln\u00ed radi\u00e1tor vytv\u00e1\u0159ej\u00edc\u00ed neskute\u010dn\u00fd a ojedin\u011bl\u00fd efekt s \u017eebry radi\u00e1toru, kter\u00e9 jsou\u00a0osazeny v r\u016fzn\u00fdch vzd\u00e1lenostech od sebe.\u00a0Koupelnov\u00e9 radi\u00e1tory jsou vhodn\u00e9 pro klasick\u00e9 vyt\u00e1p\u011bn\u00ed i pro pou\u017eit\u00ed\u00a0topn\u00e9 ty\u010de. Radi\u00e1tor\u00a0BELTI\u00a0dod\u00e1v\u00e1me jak s [&hellip;]<\/p>\n","protected":false},"featured_media":42656,"comment_status":"open","ping_status":"open","template":"","meta":[],"product_brand":[],"product_cat":[71],"product_tag":[],"class_list":{"0":"post-42556","1":"product","2":"type-product","3":"status-publish","4":"has-post-thumbnail","6":"product_cat-koupelna","8":"first","9":"instock","10":"sale","11":"shipping-taxable","12":"purchasable","13":"product-type-simple"},"yoast_head":"<!-- This site is optimized with the Yoast SEO plugin v26.8 - https:\/\/yoast.com\/product\/yoast-seo-wordpress\/ -->\n<title>Akce Koupelnov\u00fd radi\u00e1tor BELTI - \u010dern\u00fd matn\u00fd -<\/title>\n<meta name=\"robots\" content=\"index, follow, max-snippet:-1, max-image-preview:large, max-video-preview:-1\" \/>\n<link rel=\"canonical\" href=\"https:\/\/www.oknobuild.com\/index.php\/produkt\/akce-koupelnovy-radiator-belti-cerny-matny-42556\/\" \/>\n<meta property=\"og:locale\" content=\"cs_CZ\" \/>\n<meta property=\"og:type\" content=\"article\" \/>\n<meta property=\"og:title\" content=\"Akce Koupelnov\u00fd radi\u00e1tor BELTI - \u010dern\u00fd matn\u00fd -\" \/>\n<meta property=\"og:description\" content=\"Koupelnov\u00fd radi\u00e1tor BELTI &#8211; \u010dern\u00fd matn\u00fd Koupelnov\u00fd radi\u00e1tor BELTI v barv\u011b C31 black mat (\u010dern\u00e1 matn\u00e1) je elegantn\u00ed radi\u00e1tor do koupelny\u00a0je dostupn\u00fd v mnoha variant\u00e1ch.\u00a0BELTI\u00a0je origin\u00e1ln\u00ed radi\u00e1tor vytv\u00e1\u0159ej\u00edc\u00ed neskute\u010dn\u00fd a ojedin\u011bl\u00fd efekt s \u017eebry radi\u00e1toru, kter\u00e9 jsou\u00a0osazeny v r\u016fzn\u00fdch vzd\u00e1lenostech od sebe.\u00a0Koupelnov\u00e9 radi\u00e1tory jsou vhodn\u00e9 pro klasick\u00e9 vyt\u00e1p\u011bn\u00ed i pro pou\u017eit\u00ed\u00a0topn\u00e9 ty\u010de. Radi\u00e1tor\u00a0BELTI\u00a0dod\u00e1v\u00e1me jak s [&hellip;]\" \/>\n<meta property=\"og:url\" content=\"https:\/\/www.oknobuild.com\/index.php\/produkt\/akce-koupelnovy-radiator-belti-cerny-matny-42556\/\" \/>\n<meta property=\"og:image\" content=\"https:\/\/www.oknobuild.com\/wp-content\/uploads\/2026\/SK0017821-CZ20260425-093041-0-1777080643-koupelnovy-radiator-belti-cerna-barva_41n9-o1.webp\" \/>\n\t<meta property=\"og:image:width\" content=\"334\" \/>\n\t<meta property=\"og:image:height\" content=\"800\" \/>\n\t<meta property=\"og:image:type\" content=\"image\/webp\" \/>\n<meta name=\"twitter:card\" content=\"summary_large_image\" \/>\n<meta name=\"twitter:label1\" content=\"Odhadovan\u00e1 doba \u010dten\u00ed\" \/>\n\t<meta name=\"twitter:data1\" content=\"3 minuty\" \/>\n<script type=\"application\/ld+json\" class=\"yoast-schema-graph\">{\"@context\":\"https:\/\/schema.org\",\"@graph\":[{\"@type\":\"WebPage\",\"@id\":\"https:\/\/www.oknobuild.com\/index.php\/produkt\/akce-koupelnovy-radiator-belti-cerny-matny-42556\/\",\"url\":\"https:\/\/www.oknobuild.com\/index.php\/produkt\/akce-koupelnovy-radiator-belti-cerny-matny-42556\/\",\"name\":\"Akce Koupelnov\u00fd radi\u00e1tor BELTI - \u010dern\u00fd matn\u00fd -\",\"isPartOf\":{\"@id\":\"https:\/\/www.oknobuild.com\/#website\"},\"primaryImageOfPage\":{\"@id\":\"https:\/\/www.oknobuild.com\/index.php\/produkt\/akce-koupelnovy-radiator-belti-cerny-matny-42556\/#primaryimage\"},\"image\":{\"@id\":\"https:\/\/www.oknobuild.com\/index.php\/produkt\/akce-koupelnovy-radiator-belti-cerny-matny-42556\/#primaryimage\"},\"thumbnailUrl\":\"https:\/\/www.oknobuild.com\/wp-content\/uploads\/2026\/SK0017821-CZ20260425-093041-0-1777080643-koupelnovy-radiator-belti-cerna-barva_41n9-o1.webp\",\"datePublished\":\"2026-04-27T04:42:26+00:00\",\"breadcrumb\":{\"@id\":\"https:\/\/www.oknobuild.com\/index.php\/produkt\/akce-koupelnovy-radiator-belti-cerny-matny-42556\/#breadcrumb\"},\"inLanguage\":\"cs\",\"potentialAction\":[{\"@type\":\"ReadAction\",\"target\":[\"https:\/\/www.oknobuild.com\/index.php\/produkt\/akce-koupelnovy-radiator-belti-cerny-matny-42556\/\"]}]},{\"@type\":\"ImageObject\",\"inLanguage\":\"cs\",\"@id\":\"https:\/\/www.oknobuild.com\/index.php\/produkt\/akce-koupelnovy-radiator-belti-cerny-matny-42556\/#primaryimage\",\"url\":\"https:\/\/www.oknobuild.com\/wp-content\/uploads\/2026\/SK0017821-CZ20260425-093041-0-1777080643-koupelnovy-radiator-belti-cerna-barva_41n9-o1.webp\",\"contentUrl\":\"https:\/\/www.oknobuild.com\/wp-content\/uploads\/2026\/SK0017821-CZ20260425-093041-0-1777080643-koupelnovy-radiator-belti-cerna-barva_41n9-o1.webp\",\"width\":334,\"height\":800},{\"@type\":\"BreadcrumbList\",\"@id\":\"https:\/\/www.oknobuild.com\/index.php\/produkt\/akce-koupelnovy-radiator-belti-cerny-matny-42556\/#breadcrumb\",\"itemListElement\":[{\"@type\":\"ListItem\",\"position\":1,\"name\":\"Home\",\"item\":\"https:\/\/www.oknobuild.com\/\"},{\"@type\":\"ListItem\",\"position\":2,\"name\":\"Products\",\"item\":\"https:\/\/www.oknobuild.com\/index.php\/products\/\"},{\"@type\":\"ListItem\",\"position\":3,\"name\":\"Akce Koupelnov\u00fd radi\u00e1tor BELTI &#8211; \u010dern\u00fd matn\u00fd\"}]},{\"@type\":\"WebSite\",\"@id\":\"https:\/\/www.oknobuild.com\/#website\",\"url\":\"https:\/\/www.oknobuild.com\/\",\"name\":\"\",\"description\":\"\",\"potentialAction\":[{\"@type\":\"SearchAction\",\"target\":{\"@type\":\"EntryPoint\",\"urlTemplate\":\"https:\/\/www.oknobuild.com\/?s={search_term_string}\"},\"query-input\":{\"@type\":\"PropertyValueSpecification\",\"valueRequired\":true,\"valueName\":\"search_term_string\"}}],\"inLanguage\":\"cs\"}]}<\/script>\n<!-- \/ Yoast SEO plugin. -->","yoast_head_json":{"title":"Akce Koupelnov\u00fd radi\u00e1tor BELTI - \u010dern\u00fd matn\u00fd -","robots":{"index":"index","follow":"follow","max-snippet":"max-snippet:-1","max-image-preview":"max-image-preview:large","max-video-preview":"max-video-preview:-1"},"canonical":"https:\/\/www.oknobuild.com\/index.php\/produkt\/akce-koupelnovy-radiator-belti-cerny-matny-42556\/","og_locale":"cs_CZ","og_type":"article","og_title":"Akce Koupelnov\u00fd radi\u00e1tor BELTI - \u010dern\u00fd matn\u00fd -","og_description":"Koupelnov\u00fd radi\u00e1tor BELTI &#8211; \u010dern\u00fd matn\u00fd Koupelnov\u00fd radi\u00e1tor BELTI v barv\u011b C31 black mat (\u010dern\u00e1 matn\u00e1) je elegantn\u00ed radi\u00e1tor do koupelny\u00a0je dostupn\u00fd v mnoha variant\u00e1ch.\u00a0BELTI\u00a0je origin\u00e1ln\u00ed radi\u00e1tor vytv\u00e1\u0159ej\u00edc\u00ed neskute\u010dn\u00fd a ojedin\u011bl\u00fd efekt s \u017eebry radi\u00e1toru, kter\u00e9 jsou\u00a0osazeny v r\u016fzn\u00fdch vzd\u00e1lenostech od sebe.\u00a0Koupelnov\u00e9 radi\u00e1tory jsou vhodn\u00e9 pro klasick\u00e9 vyt\u00e1p\u011bn\u00ed i pro pou\u017eit\u00ed\u00a0topn\u00e9 ty\u010de. Radi\u00e1tor\u00a0BELTI\u00a0dod\u00e1v\u00e1me jak s [&hellip;]","og_url":"https:\/\/www.oknobuild.com\/index.php\/produkt\/akce-koupelnovy-radiator-belti-cerny-matny-42556\/","og_image":[{"width":334,"height":800,"url":"https:\/\/www.oknobuild.com\/wp-content\/uploads\/2026\/SK0017821-CZ20260425-093041-0-1777080643-koupelnovy-radiator-belti-cerna-barva_41n9-o1.webp","type":"image\/webp"}],"twitter_card":"summary_large_image","twitter_misc":{"Odhadovan\u00e1 doba \u010dten\u00ed":"3 minuty"},"schema":{"@context":"https:\/\/schema.org","@graph":[{"@type":"WebPage","@id":"https:\/\/www.oknobuild.com\/index.php\/produkt\/akce-koupelnovy-radiator-belti-cerny-matny-42556\/","url":"https:\/\/www.oknobuild.com\/index.php\/produkt\/akce-koupelnovy-radiator-belti-cerny-matny-42556\/","name":"Akce Koupelnov\u00fd radi\u00e1tor BELTI - \u010dern\u00fd matn\u00fd -","isPartOf":{"@id":"https:\/\/www.oknobuild.com\/#website"},"primaryImageOfPage":{"@id":"https:\/\/www.oknobuild.com\/index.php\/produkt\/akce-koupelnovy-radiator-belti-cerny-matny-42556\/#primaryimage"},"image":{"@id":"https:\/\/www.oknobuild.com\/index.php\/produkt\/akce-koupelnovy-radiator-belti-cerny-matny-42556\/#primaryimage"},"thumbnailUrl":"https:\/\/www.oknobuild.com\/wp-content\/uploads\/2026\/SK0017821-CZ20260425-093041-0-1777080643-koupelnovy-radiator-belti-cerna-barva_41n9-o1.webp","datePublished":"2026-04-27T04:42:26+00:00","breadcrumb":{"@id":"https:\/\/www.oknobuild.com\/index.php\/produkt\/akce-koupelnovy-radiator-belti-cerny-matny-42556\/#breadcrumb"},"inLanguage":"cs","potentialAction":[{"@type":"ReadAction","target":["https:\/\/www.oknobuild.com\/index.php\/produkt\/akce-koupelnovy-radiator-belti-cerny-matny-42556\/"]}]},{"@type":"ImageObject","inLanguage":"cs","@id":"https:\/\/www.oknobuild.com\/index.php\/produkt\/akce-koupelnovy-radiator-belti-cerny-matny-42556\/#primaryimage","url":"https:\/\/www.oknobuild.com\/wp-content\/uploads\/2026\/SK0017821-CZ20260425-093041-0-1777080643-koupelnovy-radiator-belti-cerna-barva_41n9-o1.webp","contentUrl":"https:\/\/www.oknobuild.com\/wp-content\/uploads\/2026\/SK0017821-CZ20260425-093041-0-1777080643-koupelnovy-radiator-belti-cerna-barva_41n9-o1.webp","width":334,"height":800},{"@type":"BreadcrumbList","@id":"https:\/\/www.oknobuild.com\/index.php\/produkt\/akce-koupelnovy-radiator-belti-cerny-matny-42556\/#breadcrumb","itemListElement":[{"@type":"ListItem","position":1,"name":"Home","item":"https:\/\/www.oknobuild.com\/"},{"@type":"ListItem","position":2,"name":"Products","item":"https:\/\/www.oknobuild.com\/index.php\/products\/"},{"@type":"ListItem","position":3,"name":"Akce Koupelnov\u00fd radi\u00e1tor BELTI &#8211; \u010dern\u00fd matn\u00fd"}]},{"@type":"WebSite","@id":"https:\/\/www.oknobuild.com\/#website","url":"https:\/\/www.oknobuild.com\/","name":"","description":"","potentialAction":[{"@type":"SearchAction","target":{"@type":"EntryPoint","urlTemplate":"https:\/\/www.oknobuild.com\/?s={search_term_string}"},"query-input":{"@type":"PropertyValueSpecification","valueRequired":true,"valueName":"search_term_string"}}],"inLanguage":"cs"}]}},"_links":{"self":[{"href":"https:\/\/www.oknobuild.com\/index.php\/wp-json\/wp\/v2\/product\/42556","targetHints":{"allow":["GET"]}}],"collection":[{"href":"https:\/\/www.oknobuild.com\/index.php\/wp-json\/wp\/v2\/product"}],"about":[{"href":"https:\/\/www.oknobuild.com\/index.php\/wp-json\/wp\/v2\/types\/product"}],"replies":[{"embeddable":true,"href":"https:\/\/www.oknobuild.com\/index.php\/wp-json\/wp\/v2\/comments?post=42556"}],"wp:featuredmedia":[{"embeddable":true,"href":"https:\/\/www.oknobuild.com\/index.php\/wp-json\/wp\/v2\/media\/42656"}],"wp:attachment":[{"href":"https:\/\/www.oknobuild.com\/index.php\/wp-json\/wp\/v2\/media?parent=42556"}],"wp:term":[{"taxonomy":"product_brand","embeddable":true,"href":"https:\/\/www.oknobuild.com\/index.php\/wp-json\/wp\/v2\/product_brand?post=42556"},{"taxonomy":"product_cat","embeddable":true,"href":"https:\/\/www.oknobuild.com\/index.php\/wp-json\/wp\/v2\/product_cat?post=42556"},{"taxonomy":"product_tag","embeddable":true,"href":"https:\/\/www.oknobuild.com\/index.php\/wp-json\/wp\/v2\/product_tag?post=42556"}],"curies":[{"name":"wp","href":"https:\/\/api.w.org\/{rel}","templated":true}]}}