{"id":75703,"date":"2026-04-27T04:44:01","date_gmt":"2026-04-27T04:44:01","guid":{"rendered":""},"modified":"2026-04-27T04:44:01","modified_gmt":"2026-04-27T04:44:01","slug":"zlevneny-zavesne-svitidlo-ideal-lux-ampolla-3-sp1-nero-148175-cerne-30cm-ideallux-75703","status":"publish","type":"product","link":"https:\/\/www.oknobuild.com\/index.php\/produkt\/zlevneny-zavesne-svitidlo-ideal-lux-ampolla-3-sp1-nero-148175-cerne-30cm-ideallux-75703\/","title":{"rendered":"Zlevn\u011bn\u00fd Z\u00e1v\u011bsn\u00e9 sv\u00edtidlo Ideal Lux Ampolla-3 SP1 nero 148175 \u010dern\u00e9 30cm &#8211; IDEALLUX"},"content":{"rendered":"<h3 class=\"product-h3\">Popis produktu<\/h3>\n<p>Z\u00e1v\u011bsn\u00fd retro lustr Ampolla-3 v proveden\u00ed s \u010dern\u00fdm kovov\u00fdm dr\u00e1t\u011bn\u00fdm st\u00ednidlem s prvky kubismu o pr\u016fm\u011bru 30 cm efektn\u011b dopln\u00ed jak\u00fdkoli retro interi\u00e9r. Je osazeno patic\u00ed E27 pro \u017e\u00e1rovku o maxim\u00e1ln\u00edm p\u0159\u00edkonu 1 x 60 W, kter\u00e1 nen\u00ed sou\u010d\u00e1st\u00ed balen\u00ed. Pro podtr\u017een\u00ed retro designu doporu\u010dujeme pou\u017eit\u00ed Vintage nebo Filament LED \u017e\u00e1rovky, kter\u00e1 z\u00e1rove\u0148 \u0161et\u0159\u00ed elektrickou energii. D\u00e9lka zav\u011b\u0161en\u00ed je nastaviteln\u00e1 p\u0159i instalaci od 60 cm do 120 cm.<\/p>\n<\/p><\/div>\n<\/p><\/div>\n<p><\/p>\n<div class=\"top-params\">\n<h3 class=\"product-h3 collapse-header \" data-toggle=\"collapse\" data-target=\"#collapseOne\" aria-expanded=\"true\" aria-controls=\"collapseOne\">Parametry<\/h3>\n<div id=\"collapseOne\" class=\"collapse show\" aria-labelledby=\"headingOne\" data-parent=\"#product-info-accordion1\">\n<table class=\"table-striped\">\n<tr>\n<td>                V\u00fd\u0161ka v mm            <\/td>\n<td>                1200            <\/td>\n<\/tr>\n<tr>\n<td>                T\u0159\u00edda ochrany            <\/td>\n<td>                I            <\/td>\n<\/tr>\n<tr>\n<td>                Hmotnost g            <\/td>\n<td>                720            <\/td>\n<\/tr>\n<tr>\n<td>                \u0160\u00ed\u0159ka v mm            <\/td>\n<td>                300            <\/td>\n<\/tr>\n<tr>\n<td>                Pr\u016fm\u011br v mm            <\/td>\n<td>                300            <\/td>\n<\/tr>\n<tr>\n<td>                D\u00e9lka v mm            <\/td>\n<td>                300            <\/td>\n<\/tr>\n<tr>\n<td>                Ochrana IP            <\/td>\n<td>                IP20            <\/td>\n<\/tr>\n<tr>\n<td>                Max. p\u0159\u00edkon sv\u011bteln\u00e9ho zdroje            <\/td>\n<td>                60W            <\/td>\n<\/tr>\n<tr>\n<td>                V\u00fdkon            <\/td>\n<td>                60W            <\/td>\n<\/tr>\n<tr>\n<td>                Nap\u00e1jec\u00ed nap\u011bt\u00ed            <\/td>\n<td>                220-240V            <\/td>\n<\/tr>\n<tr>\n<td>                Patice            <\/td>\n<td>                E27            <\/td>\n<\/tr>\n<tr>\n<td>                V\u010detn\u011b sv\u011bteln\u00e9ho zdroje            <\/td>\n<td>                ne            <\/td>\n<\/tr>\n<tr>\n<td>                Materi\u00e1l            <\/td>\n<td>                kov            <\/td>\n<\/tr>\n<tr>\n<td>                Barva            <\/td>\n<td>                \u010dern\u00e1            <\/td>\n<\/tr>\n<tr>\n<td>                Po\u010det sv\u011bteln\u00fdch zdroj\u016f            <\/td>\n<td>                1            <\/td>\n<\/tr>\n<tr>\n<td>                V\u00fdrobce            <\/td>\n<td>                IDEALLUX            <\/td>\n<\/tr>\n<tr>\n<td>                Kolekce            <\/td>\n<td>                AMPOLLA            <\/td>\n<\/tr>\n<tr>\n<td>                U v\u00fdrobce dostupn\u00fdch            <\/td>\n<td>                26                    ks            <\/td>\n<\/tr>\n<\/table>\n<\/div><\/div>\n<\/div>\n<div class=\"accordion\" id=\"product-info-accordion2\">\n","protected":false},"excerpt":{"rendered":"<p>Popis produktu Z\u00e1v\u011bsn\u00fd retro lustr Ampolla-3 v proveden\u00ed s \u010dern\u00fdm kovov\u00fdm dr\u00e1t\u011bn\u00fdm st\u00ednidlem s prvky kubismu o pr\u016fm\u011bru 30 cm efektn\u011b dopln\u00ed jak\u00fdkoli retro interi\u00e9r. Je osazeno patic\u00ed E27 pro \u017e\u00e1rovku o maxim\u00e1ln\u00edm p\u0159\u00edkonu 1 x 60 W, kter\u00e1 nen\u00ed sou\u010d\u00e1st\u00ed balen\u00ed. Pro podtr\u017een\u00ed retro designu doporu\u010dujeme pou\u017eit\u00ed Vintage nebo Filament LED \u017e\u00e1rovky, kter\u00e1 z\u00e1rove\u0148 [&hellip;]<\/p>\n","protected":false},"featured_media":75803,"comment_status":"open","ping_status":"open","template":"","meta":[],"product_brand":[],"product_cat":[32],"product_tag":[],"class_list":{"0":"post-75703","1":"product","2":"type-product","3":"status-publish","4":"has-post-thumbnail","6":"product_cat-interierova-svitidla","8":"first","9":"instock","10":"sale","11":"shipping-taxable","12":"purchasable","13":"product-type-simple"},"yoast_head":"<!-- This site is optimized with the Yoast SEO plugin v26.8 - https:\/\/yoast.com\/product\/yoast-seo-wordpress\/ -->\n<title>Zlevn\u011bn\u00fd Z\u00e1v\u011bsn\u00e9 sv\u00edtidlo Ideal Lux Ampolla-3 SP1 nero 148175 \u010dern\u00e9 30cm - IDEALLUX -<\/title>\n<meta name=\"robots\" content=\"index, follow, max-snippet:-1, max-image-preview:large, max-video-preview:-1\" \/>\n<link rel=\"canonical\" href=\"https:\/\/www.oknobuild.com\/index.php\/produkt\/zlevneny-zavesne-svitidlo-ideal-lux-ampolla-3-sp1-nero-148175-cerne-30cm-ideallux-75703\/\" \/>\n<meta property=\"og:locale\" content=\"cs_CZ\" \/>\n<meta property=\"og:type\" content=\"article\" \/>\n<meta property=\"og:title\" content=\"Zlevn\u011bn\u00fd Z\u00e1v\u011bsn\u00e9 sv\u00edtidlo Ideal Lux Ampolla-3 SP1 nero 148175 \u010dern\u00e9 30cm - IDEALLUX -\" \/>\n<meta property=\"og:description\" content=\"Popis produktu Z\u00e1v\u011bsn\u00fd retro lustr Ampolla-3 v proveden\u00ed s \u010dern\u00fdm kovov\u00fdm dr\u00e1t\u011bn\u00fdm st\u00ednidlem s prvky kubismu o pr\u016fm\u011bru 30 cm efektn\u011b dopln\u00ed jak\u00fdkoli retro interi\u00e9r. Je osazeno patic\u00ed E27 pro \u017e\u00e1rovku o maxim\u00e1ln\u00edm p\u0159\u00edkonu 1 x 60 W, kter\u00e1 nen\u00ed sou\u010d\u00e1st\u00ed balen\u00ed. Pro podtr\u017een\u00ed retro designu doporu\u010dujeme pou\u017eit\u00ed Vintage nebo Filament LED \u017e\u00e1rovky, kter\u00e1 z\u00e1rove\u0148 [&hellip;]\" \/>\n<meta property=\"og:url\" content=\"https:\/\/www.oknobuild.com\/index.php\/produkt\/zlevneny-zavesne-svitidlo-ideal-lux-ampolla-3-sp1-nero-148175-cerne-30cm-ideallux-75703\/\" \/>\n<meta property=\"og:image\" content=\"https:\/\/www.oknobuild.com\/wp-content\/uploads\/2026\/SK0015661-CZ20260425-091535-0-1777079743-ILUX-148175.webp\" \/>\n\t<meta property=\"og:image:width\" content=\"800\" \/>\n\t<meta property=\"og:image:height\" content=\"800\" \/>\n\t<meta property=\"og:image:type\" content=\"image\/webp\" \/>\n<meta name=\"twitter:card\" content=\"summary_large_image\" \/>\n<meta name=\"twitter:label1\" content=\"Odhadovan\u00e1 doba \u010dten\u00ed\" \/>\n\t<meta name=\"twitter:data1\" content=\"1 minuta\" \/>\n<script type=\"application\/ld+json\" class=\"yoast-schema-graph\">{\"@context\":\"https:\/\/schema.org\",\"@graph\":[{\"@type\":\"WebPage\",\"@id\":\"https:\/\/www.oknobuild.com\/index.php\/produkt\/zlevneny-zavesne-svitidlo-ideal-lux-ampolla-3-sp1-nero-148175-cerne-30cm-ideallux-75703\/\",\"url\":\"https:\/\/www.oknobuild.com\/index.php\/produkt\/zlevneny-zavesne-svitidlo-ideal-lux-ampolla-3-sp1-nero-148175-cerne-30cm-ideallux-75703\/\",\"name\":\"Zlevn\u011bn\u00fd Z\u00e1v\u011bsn\u00e9 sv\u00edtidlo Ideal Lux Ampolla-3 SP1 nero 148175 \u010dern\u00e9 30cm - IDEALLUX -\",\"isPartOf\":{\"@id\":\"https:\/\/www.oknobuild.com\/#website\"},\"primaryImageOfPage\":{\"@id\":\"https:\/\/www.oknobuild.com\/index.php\/produkt\/zlevneny-zavesne-svitidlo-ideal-lux-ampolla-3-sp1-nero-148175-cerne-30cm-ideallux-75703\/#primaryimage\"},\"image\":{\"@id\":\"https:\/\/www.oknobuild.com\/index.php\/produkt\/zlevneny-zavesne-svitidlo-ideal-lux-ampolla-3-sp1-nero-148175-cerne-30cm-ideallux-75703\/#primaryimage\"},\"thumbnailUrl\":\"https:\/\/www.oknobuild.com\/wp-content\/uploads\/2026\/SK0015661-CZ20260425-091535-0-1777079743-ILUX-148175.webp\",\"datePublished\":\"2026-04-27T04:44:01+00:00\",\"breadcrumb\":{\"@id\":\"https:\/\/www.oknobuild.com\/index.php\/produkt\/zlevneny-zavesne-svitidlo-ideal-lux-ampolla-3-sp1-nero-148175-cerne-30cm-ideallux-75703\/#breadcrumb\"},\"inLanguage\":\"cs\",\"potentialAction\":[{\"@type\":\"ReadAction\",\"target\":[\"https:\/\/www.oknobuild.com\/index.php\/produkt\/zlevneny-zavesne-svitidlo-ideal-lux-ampolla-3-sp1-nero-148175-cerne-30cm-ideallux-75703\/\"]}]},{\"@type\":\"ImageObject\",\"inLanguage\":\"cs\",\"@id\":\"https:\/\/www.oknobuild.com\/index.php\/produkt\/zlevneny-zavesne-svitidlo-ideal-lux-ampolla-3-sp1-nero-148175-cerne-30cm-ideallux-75703\/#primaryimage\",\"url\":\"https:\/\/www.oknobuild.com\/wp-content\/uploads\/2026\/SK0015661-CZ20260425-091535-0-1777079743-ILUX-148175.webp\",\"contentUrl\":\"https:\/\/www.oknobuild.com\/wp-content\/uploads\/2026\/SK0015661-CZ20260425-091535-0-1777079743-ILUX-148175.webp\",\"width\":800,\"height\":800},{\"@type\":\"BreadcrumbList\",\"@id\":\"https:\/\/www.oknobuild.com\/index.php\/produkt\/zlevneny-zavesne-svitidlo-ideal-lux-ampolla-3-sp1-nero-148175-cerne-30cm-ideallux-75703\/#breadcrumb\",\"itemListElement\":[{\"@type\":\"ListItem\",\"position\":1,\"name\":\"Home\",\"item\":\"https:\/\/www.oknobuild.com\/\"},{\"@type\":\"ListItem\",\"position\":2,\"name\":\"Products\",\"item\":\"https:\/\/www.oknobuild.com\/index.php\/products\/\"},{\"@type\":\"ListItem\",\"position\":3,\"name\":\"Zlevn\u011bn\u00fd Z\u00e1v\u011bsn\u00e9 sv\u00edtidlo Ideal Lux Ampolla-3 SP1 nero 148175 \u010dern\u00e9 30cm &#8211; IDEALLUX\"}]},{\"@type\":\"WebSite\",\"@id\":\"https:\/\/www.oknobuild.com\/#website\",\"url\":\"https:\/\/www.oknobuild.com\/\",\"name\":\"\",\"description\":\"\",\"potentialAction\":[{\"@type\":\"SearchAction\",\"target\":{\"@type\":\"EntryPoint\",\"urlTemplate\":\"https:\/\/www.oknobuild.com\/?s={search_term_string}\"},\"query-input\":{\"@type\":\"PropertyValueSpecification\",\"valueRequired\":true,\"valueName\":\"search_term_string\"}}],\"inLanguage\":\"cs\"}]}<\/script>\n<!-- \/ Yoast SEO plugin. -->","yoast_head_json":{"title":"Zlevn\u011bn\u00fd Z\u00e1v\u011bsn\u00e9 sv\u00edtidlo Ideal Lux Ampolla-3 SP1 nero 148175 \u010dern\u00e9 30cm - IDEALLUX -","robots":{"index":"index","follow":"follow","max-snippet":"max-snippet:-1","max-image-preview":"max-image-preview:large","max-video-preview":"max-video-preview:-1"},"canonical":"https:\/\/www.oknobuild.com\/index.php\/produkt\/zlevneny-zavesne-svitidlo-ideal-lux-ampolla-3-sp1-nero-148175-cerne-30cm-ideallux-75703\/","og_locale":"cs_CZ","og_type":"article","og_title":"Zlevn\u011bn\u00fd Z\u00e1v\u011bsn\u00e9 sv\u00edtidlo Ideal Lux Ampolla-3 SP1 nero 148175 \u010dern\u00e9 30cm - IDEALLUX -","og_description":"Popis produktu Z\u00e1v\u011bsn\u00fd retro lustr Ampolla-3 v proveden\u00ed s \u010dern\u00fdm kovov\u00fdm dr\u00e1t\u011bn\u00fdm st\u00ednidlem s prvky kubismu o pr\u016fm\u011bru 30 cm efektn\u011b dopln\u00ed jak\u00fdkoli retro interi\u00e9r. Je osazeno patic\u00ed E27 pro \u017e\u00e1rovku o maxim\u00e1ln\u00edm p\u0159\u00edkonu 1 x 60 W, kter\u00e1 nen\u00ed sou\u010d\u00e1st\u00ed balen\u00ed. Pro podtr\u017een\u00ed retro designu doporu\u010dujeme pou\u017eit\u00ed Vintage nebo Filament LED \u017e\u00e1rovky, kter\u00e1 z\u00e1rove\u0148 [&hellip;]","og_url":"https:\/\/www.oknobuild.com\/index.php\/produkt\/zlevneny-zavesne-svitidlo-ideal-lux-ampolla-3-sp1-nero-148175-cerne-30cm-ideallux-75703\/","og_image":[{"width":800,"height":800,"url":"https:\/\/www.oknobuild.com\/wp-content\/uploads\/2026\/SK0015661-CZ20260425-091535-0-1777079743-ILUX-148175.webp","type":"image\/webp"}],"twitter_card":"summary_large_image","twitter_misc":{"Odhadovan\u00e1 doba \u010dten\u00ed":"1 minuta"},"schema":{"@context":"https:\/\/schema.org","@graph":[{"@type":"WebPage","@id":"https:\/\/www.oknobuild.com\/index.php\/produkt\/zlevneny-zavesne-svitidlo-ideal-lux-ampolla-3-sp1-nero-148175-cerne-30cm-ideallux-75703\/","url":"https:\/\/www.oknobuild.com\/index.php\/produkt\/zlevneny-zavesne-svitidlo-ideal-lux-ampolla-3-sp1-nero-148175-cerne-30cm-ideallux-75703\/","name":"Zlevn\u011bn\u00fd Z\u00e1v\u011bsn\u00e9 sv\u00edtidlo Ideal Lux Ampolla-3 SP1 nero 148175 \u010dern\u00e9 30cm - IDEALLUX -","isPartOf":{"@id":"https:\/\/www.oknobuild.com\/#website"},"primaryImageOfPage":{"@id":"https:\/\/www.oknobuild.com\/index.php\/produkt\/zlevneny-zavesne-svitidlo-ideal-lux-ampolla-3-sp1-nero-148175-cerne-30cm-ideallux-75703\/#primaryimage"},"image":{"@id":"https:\/\/www.oknobuild.com\/index.php\/produkt\/zlevneny-zavesne-svitidlo-ideal-lux-ampolla-3-sp1-nero-148175-cerne-30cm-ideallux-75703\/#primaryimage"},"thumbnailUrl":"https:\/\/www.oknobuild.com\/wp-content\/uploads\/2026\/SK0015661-CZ20260425-091535-0-1777079743-ILUX-148175.webp","datePublished":"2026-04-27T04:44:01+00:00","breadcrumb":{"@id":"https:\/\/www.oknobuild.com\/index.php\/produkt\/zlevneny-zavesne-svitidlo-ideal-lux-ampolla-3-sp1-nero-148175-cerne-30cm-ideallux-75703\/#breadcrumb"},"inLanguage":"cs","potentialAction":[{"@type":"ReadAction","target":["https:\/\/www.oknobuild.com\/index.php\/produkt\/zlevneny-zavesne-svitidlo-ideal-lux-ampolla-3-sp1-nero-148175-cerne-30cm-ideallux-75703\/"]}]},{"@type":"ImageObject","inLanguage":"cs","@id":"https:\/\/www.oknobuild.com\/index.php\/produkt\/zlevneny-zavesne-svitidlo-ideal-lux-ampolla-3-sp1-nero-148175-cerne-30cm-ideallux-75703\/#primaryimage","url":"https:\/\/www.oknobuild.com\/wp-content\/uploads\/2026\/SK0015661-CZ20260425-091535-0-1777079743-ILUX-148175.webp","contentUrl":"https:\/\/www.oknobuild.com\/wp-content\/uploads\/2026\/SK0015661-CZ20260425-091535-0-1777079743-ILUX-148175.webp","width":800,"height":800},{"@type":"BreadcrumbList","@id":"https:\/\/www.oknobuild.com\/index.php\/produkt\/zlevneny-zavesne-svitidlo-ideal-lux-ampolla-3-sp1-nero-148175-cerne-30cm-ideallux-75703\/#breadcrumb","itemListElement":[{"@type":"ListItem","position":1,"name":"Home","item":"https:\/\/www.oknobuild.com\/"},{"@type":"ListItem","position":2,"name":"Products","item":"https:\/\/www.oknobuild.com\/index.php\/products\/"},{"@type":"ListItem","position":3,"name":"Zlevn\u011bn\u00fd Z\u00e1v\u011bsn\u00e9 sv\u00edtidlo Ideal Lux Ampolla-3 SP1 nero 148175 \u010dern\u00e9 30cm &#8211; IDEALLUX"}]},{"@type":"WebSite","@id":"https:\/\/www.oknobuild.com\/#website","url":"https:\/\/www.oknobuild.com\/","name":"","description":"","potentialAction":[{"@type":"SearchAction","target":{"@type":"EntryPoint","urlTemplate":"https:\/\/www.oknobuild.com\/?s={search_term_string}"},"query-input":{"@type":"PropertyValueSpecification","valueRequired":true,"valueName":"search_term_string"}}],"inLanguage":"cs"}]}},"_links":{"self":[{"href":"https:\/\/www.oknobuild.com\/index.php\/wp-json\/wp\/v2\/product\/75703","targetHints":{"allow":["GET"]}}],"collection":[{"href":"https:\/\/www.oknobuild.com\/index.php\/wp-json\/wp\/v2\/product"}],"about":[{"href":"https:\/\/www.oknobuild.com\/index.php\/wp-json\/wp\/v2\/types\/product"}],"replies":[{"embeddable":true,"href":"https:\/\/www.oknobuild.com\/index.php\/wp-json\/wp\/v2\/comments?post=75703"}],"wp:featuredmedia":[{"embeddable":true,"href":"https:\/\/www.oknobuild.com\/index.php\/wp-json\/wp\/v2\/media\/75803"}],"wp:attachment":[{"href":"https:\/\/www.oknobuild.com\/index.php\/wp-json\/wp\/v2\/media?parent=75703"}],"wp:term":[{"taxonomy":"product_brand","embeddable":true,"href":"https:\/\/www.oknobuild.com\/index.php\/wp-json\/wp\/v2\/product_brand?post=75703"},{"taxonomy":"product_cat","embeddable":true,"href":"https:\/\/www.oknobuild.com\/index.php\/wp-json\/wp\/v2\/product_cat?post=75703"},{"taxonomy":"product_tag","embeddable":true,"href":"https:\/\/www.oknobuild.com\/index.php\/wp-json\/wp\/v2\/product_tag?post=75703"}],"curies":[{"name":"wp","href":"https:\/\/api.w.org\/{rel}","templated":true}]}}