{"id":76504,"date":"2026-04-27T04:44:03","date_gmt":"2026-04-27T04:44:03","guid":{"rendered":""},"modified":"2026-04-27T04:44:03","modified_gmt":"2026-04-27T04:44:03","slug":"zlevneny-ukoncena-vyroba-ampolla-2-sp1-bianco-ideallux-76504","status":"publish","type":"product","link":"https:\/\/www.oknobuild.com\/index.php\/produkt\/zlevneny-ukoncena-vyroba-ampolla-2-sp1-bianco-ideallux-76504\/","title":{"rendered":"Zlevn\u011bn\u00fd UKON\u010cENA V\u00ddROBA AMPOLLA-2 SP1 BIANCO &#8211; IDEALLUX"},"content":{"rendered":"<h3 class=\"product-h3\">Popis produktu<\/h3>\n<p>Z\u00e1v\u011bsn\u00fd lustr Ampolla-2 ve variant\u011b s b\u00edl\u00fdm kopulovit\u00fdm kovov\u00fdm dr\u00e1t\u011bn\u00fdm st\u00ednidlem o pr\u016fm\u011bru 20,5 cm je vhodn\u00e9 jako osv\u011btlen\u00ed nad bar nebo j\u00eddeln\u00ed st\u016fl v retro interi\u00e9ru restaurace nebo dom\u00e1cnosti. Je osazeno patic\u00ed E27 pro \u017e\u00e1rovku o maxim\u00e1ln\u00edm p\u0159\u00edkonu 1 x 60 W, kter\u00e1 nen\u00ed sou\u010d\u00e1st\u00ed balen\u00ed. Pro dokreslen\u00ed retro stylu doporu\u010dujeme pou\u017eit\u00ed Vintage nebo Filament LED \u017e\u00e1rovky, kter\u00e1 z\u00e1rove\u0148 \u0161et\u0159\u00ed elektrickou energii. D\u00e9lka zav\u011b\u0161en\u00ed je nastaviteln\u00e1 p\u0159i instalaci od 45 cm do 114 cm.<\/p>\n<\/p><\/div>\n<\/p><\/div>\n<p><\/p>\n<div class=\"top-params\">\n<h3 class=\"product-h3 collapse-header \" data-toggle=\"collapse\" data-target=\"#collapseOne\" aria-expanded=\"true\" aria-controls=\"collapseOne\">Parametry<\/h3>\n<div id=\"collapseOne\" class=\"collapse show\" aria-labelledby=\"headingOne\" data-parent=\"#product-info-accordion1\">\n<table class=\"table-striped\">\n<tr>\n<td>                V\u00fd\u0161ka v mm            <\/td>\n<td>                1140            <\/td>\n<\/tr>\n<tr>\n<td>                T\u0159\u00edda ochrany            <\/td>\n<td>                I            <\/td>\n<\/tr>\n<tr>\n<td>                Hmotnost g            <\/td>\n<td>                590            <\/td>\n<\/tr>\n<tr>\n<td>                \u0160\u00ed\u0159ka v mm            <\/td>\n<td>                205            <\/td>\n<\/tr>\n<tr>\n<td>                Pr\u016fm\u011br v mm            <\/td>\n<td>                205            <\/td>\n<\/tr>\n<tr>\n<td>                D\u00e9lka v mm            <\/td>\n<td>                205            <\/td>\n<\/tr>\n<tr>\n<td>                Ochrana IP            <\/td>\n<td>                IP20            <\/td>\n<\/tr>\n<tr>\n<td>                Max. p\u0159\u00edkon sv\u011bteln\u00e9ho zdroje            <\/td>\n<td>                60W            <\/td>\n<\/tr>\n<tr>\n<td>                V\u00fdkon            <\/td>\n<td>                60W            <\/td>\n<\/tr>\n<tr>\n<td>                Nap\u00e1jec\u00ed nap\u011bt\u00ed            <\/td>\n<td>                220-240V            <\/td>\n<\/tr>\n<tr>\n<td>                Patice            <\/td>\n<td>                E27            <\/td>\n<\/tr>\n<tr>\n<td>                V\u010detn\u011b sv\u011bteln\u00e9ho zdroje            <\/td>\n<td>                ne            <\/td>\n<\/tr>\n<tr>\n<td>                Materi\u00e1l            <\/td>\n<td>                kov            <\/td>\n<\/tr>\n<tr>\n<td>                Barva            <\/td>\n<td>                b\u00edl\u00e1            <\/td>\n<\/tr>\n<tr>\n<td>                Po\u010det sv\u011bteln\u00fdch zdroj\u016f            <\/td>\n<td>                1            <\/td>\n<\/tr>\n<tr>\n<td>                V\u00fdrobce            <\/td>\n<td>                IDEALLUX            <\/td>\n<\/tr>\n<tr>\n<td>                Kolekce            <\/td>\n<td>                AMPOLLA            <\/td>\n<\/tr>\n<tr>\n<td>                U v\u00fdrobce dostupn\u00fdch            <\/td>\n<td>                0                    ks            <\/td>\n<\/tr>\n<\/table>\n<\/div><\/div>\n<\/div>\n<div class=\"accordion\" id=\"product-info-accordion2\">\n","protected":false},"excerpt":{"rendered":"<p>Popis produktu Z\u00e1v\u011bsn\u00fd lustr Ampolla-2 ve variant\u011b s b\u00edl\u00fdm kopulovit\u00fdm kovov\u00fdm dr\u00e1t\u011bn\u00fdm st\u00ednidlem o pr\u016fm\u011bru 20,5 cm je vhodn\u00e9 jako osv\u011btlen\u00ed nad bar nebo j\u00eddeln\u00ed st\u016fl v retro interi\u00e9ru restaurace nebo dom\u00e1cnosti. Je osazeno patic\u00ed E27 pro \u017e\u00e1rovku o maxim\u00e1ln\u00edm p\u0159\u00edkonu 1 x 60 W, kter\u00e1 nen\u00ed sou\u010d\u00e1st\u00ed balen\u00ed. Pro dokreslen\u00ed retro stylu doporu\u010dujeme pou\u017eit\u00ed [&hellip;]<\/p>\n","protected":false},"featured_media":76604,"comment_status":"open","ping_status":"open","template":"","meta":[],"product_brand":[],"product_cat":[32],"product_tag":[],"class_list":{"0":"post-76504","1":"product","2":"type-product","3":"status-publish","4":"has-post-thumbnail","6":"product_cat-interierova-svitidla","8":"first","9":"instock","10":"sale","11":"shipping-taxable","12":"purchasable","13":"product-type-simple"},"yoast_head":"<!-- This site is optimized with the Yoast SEO plugin v26.8 - https:\/\/yoast.com\/product\/yoast-seo-wordpress\/ -->\n<title>Zlevn\u011bn\u00fd UKON\u010cENA V\u00ddROBA AMPOLLA-2 SP1 BIANCO - IDEALLUX -<\/title>\n<meta name=\"robots\" content=\"index, follow, max-snippet:-1, max-image-preview:large, max-video-preview:-1\" \/>\n<link rel=\"canonical\" href=\"https:\/\/www.oknobuild.com\/index.php\/produkt\/zlevneny-ukoncena-vyroba-ampolla-2-sp1-bianco-ideallux-76504\/\" \/>\n<meta property=\"og:locale\" content=\"cs_CZ\" \/>\n<meta property=\"og:type\" content=\"article\" \/>\n<meta property=\"og:title\" content=\"Zlevn\u011bn\u00fd UKON\u010cENA V\u00ddROBA AMPOLLA-2 SP1 BIANCO - IDEALLUX -\" \/>\n<meta property=\"og:description\" content=\"Popis produktu Z\u00e1v\u011bsn\u00fd lustr Ampolla-2 ve variant\u011b s b\u00edl\u00fdm kopulovit\u00fdm kovov\u00fdm dr\u00e1t\u011bn\u00fdm st\u00ednidlem o pr\u016fm\u011bru 20,5 cm je vhodn\u00e9 jako osv\u011btlen\u00ed nad bar nebo j\u00eddeln\u00ed st\u016fl v retro interi\u00e9ru restaurace nebo dom\u00e1cnosti. Je osazeno patic\u00ed E27 pro \u017e\u00e1rovku o maxim\u00e1ln\u00edm p\u0159\u00edkonu 1 x 60 W, kter\u00e1 nen\u00ed sou\u010d\u00e1st\u00ed balen\u00ed. Pro dokreslen\u00ed retro stylu doporu\u010dujeme pou\u017eit\u00ed [&hellip;]\" \/>\n<meta property=\"og:url\" content=\"https:\/\/www.oknobuild.com\/index.php\/produkt\/zlevneny-ukoncena-vyroba-ampolla-2-sp1-bianco-ideallux-76504\/\" \/>\n<meta property=\"og:image\" content=\"https:\/\/www.oknobuild.com\/wp-content\/uploads\/2026\/SK0016089-CZ20260425-091535-0-1777079743-ILUX-200880.webp\" \/>\n\t<meta property=\"og:image:width\" content=\"800\" \/>\n\t<meta property=\"og:image:height\" content=\"800\" \/>\n\t<meta property=\"og:image:type\" content=\"image\/webp\" \/>\n<meta name=\"twitter:card\" content=\"summary_large_image\" \/>\n<meta name=\"twitter:label1\" content=\"Odhadovan\u00e1 doba \u010dten\u00ed\" \/>\n\t<meta name=\"twitter:data1\" content=\"1 minuta\" \/>\n<script type=\"application\/ld+json\" class=\"yoast-schema-graph\">{\"@context\":\"https:\/\/schema.org\",\"@graph\":[{\"@type\":\"WebPage\",\"@id\":\"https:\/\/www.oknobuild.com\/index.php\/produkt\/zlevneny-ukoncena-vyroba-ampolla-2-sp1-bianco-ideallux-76504\/\",\"url\":\"https:\/\/www.oknobuild.com\/index.php\/produkt\/zlevneny-ukoncena-vyroba-ampolla-2-sp1-bianco-ideallux-76504\/\",\"name\":\"Zlevn\u011bn\u00fd UKON\u010cENA V\u00ddROBA AMPOLLA-2 SP1 BIANCO - IDEALLUX -\",\"isPartOf\":{\"@id\":\"https:\/\/www.oknobuild.com\/#website\"},\"primaryImageOfPage\":{\"@id\":\"https:\/\/www.oknobuild.com\/index.php\/produkt\/zlevneny-ukoncena-vyroba-ampolla-2-sp1-bianco-ideallux-76504\/#primaryimage\"},\"image\":{\"@id\":\"https:\/\/www.oknobuild.com\/index.php\/produkt\/zlevneny-ukoncena-vyroba-ampolla-2-sp1-bianco-ideallux-76504\/#primaryimage\"},\"thumbnailUrl\":\"https:\/\/www.oknobuild.com\/wp-content\/uploads\/2026\/SK0016089-CZ20260425-091535-0-1777079743-ILUX-200880.webp\",\"datePublished\":\"2026-04-27T04:44:03+00:00\",\"breadcrumb\":{\"@id\":\"https:\/\/www.oknobuild.com\/index.php\/produkt\/zlevneny-ukoncena-vyroba-ampolla-2-sp1-bianco-ideallux-76504\/#breadcrumb\"},\"inLanguage\":\"cs\",\"potentialAction\":[{\"@type\":\"ReadAction\",\"target\":[\"https:\/\/www.oknobuild.com\/index.php\/produkt\/zlevneny-ukoncena-vyroba-ampolla-2-sp1-bianco-ideallux-76504\/\"]}]},{\"@type\":\"ImageObject\",\"inLanguage\":\"cs\",\"@id\":\"https:\/\/www.oknobuild.com\/index.php\/produkt\/zlevneny-ukoncena-vyroba-ampolla-2-sp1-bianco-ideallux-76504\/#primaryimage\",\"url\":\"https:\/\/www.oknobuild.com\/wp-content\/uploads\/2026\/SK0016089-CZ20260425-091535-0-1777079743-ILUX-200880.webp\",\"contentUrl\":\"https:\/\/www.oknobuild.com\/wp-content\/uploads\/2026\/SK0016089-CZ20260425-091535-0-1777079743-ILUX-200880.webp\",\"width\":800,\"height\":800},{\"@type\":\"BreadcrumbList\",\"@id\":\"https:\/\/www.oknobuild.com\/index.php\/produkt\/zlevneny-ukoncena-vyroba-ampolla-2-sp1-bianco-ideallux-76504\/#breadcrumb\",\"itemListElement\":[{\"@type\":\"ListItem\",\"position\":1,\"name\":\"Home\",\"item\":\"https:\/\/www.oknobuild.com\/\"},{\"@type\":\"ListItem\",\"position\":2,\"name\":\"Products\",\"item\":\"https:\/\/www.oknobuild.com\/index.php\/products\/\"},{\"@type\":\"ListItem\",\"position\":3,\"name\":\"Zlevn\u011bn\u00fd UKON\u010cENA V\u00ddROBA AMPOLLA-2 SP1 BIANCO &#8211; IDEALLUX\"}]},{\"@type\":\"WebSite\",\"@id\":\"https:\/\/www.oknobuild.com\/#website\",\"url\":\"https:\/\/www.oknobuild.com\/\",\"name\":\"\",\"description\":\"\",\"potentialAction\":[{\"@type\":\"SearchAction\",\"target\":{\"@type\":\"EntryPoint\",\"urlTemplate\":\"https:\/\/www.oknobuild.com\/?s={search_term_string}\"},\"query-input\":{\"@type\":\"PropertyValueSpecification\",\"valueRequired\":true,\"valueName\":\"search_term_string\"}}],\"inLanguage\":\"cs\"}]}<\/script>\n<!-- \/ Yoast SEO plugin. -->","yoast_head_json":{"title":"Zlevn\u011bn\u00fd UKON\u010cENA V\u00ddROBA AMPOLLA-2 SP1 BIANCO - IDEALLUX -","robots":{"index":"index","follow":"follow","max-snippet":"max-snippet:-1","max-image-preview":"max-image-preview:large","max-video-preview":"max-video-preview:-1"},"canonical":"https:\/\/www.oknobuild.com\/index.php\/produkt\/zlevneny-ukoncena-vyroba-ampolla-2-sp1-bianco-ideallux-76504\/","og_locale":"cs_CZ","og_type":"article","og_title":"Zlevn\u011bn\u00fd UKON\u010cENA V\u00ddROBA AMPOLLA-2 SP1 BIANCO - IDEALLUX -","og_description":"Popis produktu Z\u00e1v\u011bsn\u00fd lustr Ampolla-2 ve variant\u011b s b\u00edl\u00fdm kopulovit\u00fdm kovov\u00fdm dr\u00e1t\u011bn\u00fdm st\u00ednidlem o pr\u016fm\u011bru 20,5 cm je vhodn\u00e9 jako osv\u011btlen\u00ed nad bar nebo j\u00eddeln\u00ed st\u016fl v retro interi\u00e9ru restaurace nebo dom\u00e1cnosti. Je osazeno patic\u00ed E27 pro \u017e\u00e1rovku o maxim\u00e1ln\u00edm p\u0159\u00edkonu 1 x 60 W, kter\u00e1 nen\u00ed sou\u010d\u00e1st\u00ed balen\u00ed. Pro dokreslen\u00ed retro stylu doporu\u010dujeme pou\u017eit\u00ed [&hellip;]","og_url":"https:\/\/www.oknobuild.com\/index.php\/produkt\/zlevneny-ukoncena-vyroba-ampolla-2-sp1-bianco-ideallux-76504\/","og_image":[{"width":800,"height":800,"url":"https:\/\/www.oknobuild.com\/wp-content\/uploads\/2026\/SK0016089-CZ20260425-091535-0-1777079743-ILUX-200880.webp","type":"image\/webp"}],"twitter_card":"summary_large_image","twitter_misc":{"Odhadovan\u00e1 doba \u010dten\u00ed":"1 minuta"},"schema":{"@context":"https:\/\/schema.org","@graph":[{"@type":"WebPage","@id":"https:\/\/www.oknobuild.com\/index.php\/produkt\/zlevneny-ukoncena-vyroba-ampolla-2-sp1-bianco-ideallux-76504\/","url":"https:\/\/www.oknobuild.com\/index.php\/produkt\/zlevneny-ukoncena-vyroba-ampolla-2-sp1-bianco-ideallux-76504\/","name":"Zlevn\u011bn\u00fd UKON\u010cENA V\u00ddROBA AMPOLLA-2 SP1 BIANCO - IDEALLUX -","isPartOf":{"@id":"https:\/\/www.oknobuild.com\/#website"},"primaryImageOfPage":{"@id":"https:\/\/www.oknobuild.com\/index.php\/produkt\/zlevneny-ukoncena-vyroba-ampolla-2-sp1-bianco-ideallux-76504\/#primaryimage"},"image":{"@id":"https:\/\/www.oknobuild.com\/index.php\/produkt\/zlevneny-ukoncena-vyroba-ampolla-2-sp1-bianco-ideallux-76504\/#primaryimage"},"thumbnailUrl":"https:\/\/www.oknobuild.com\/wp-content\/uploads\/2026\/SK0016089-CZ20260425-091535-0-1777079743-ILUX-200880.webp","datePublished":"2026-04-27T04:44:03+00:00","breadcrumb":{"@id":"https:\/\/www.oknobuild.com\/index.php\/produkt\/zlevneny-ukoncena-vyroba-ampolla-2-sp1-bianco-ideallux-76504\/#breadcrumb"},"inLanguage":"cs","potentialAction":[{"@type":"ReadAction","target":["https:\/\/www.oknobuild.com\/index.php\/produkt\/zlevneny-ukoncena-vyroba-ampolla-2-sp1-bianco-ideallux-76504\/"]}]},{"@type":"ImageObject","inLanguage":"cs","@id":"https:\/\/www.oknobuild.com\/index.php\/produkt\/zlevneny-ukoncena-vyroba-ampolla-2-sp1-bianco-ideallux-76504\/#primaryimage","url":"https:\/\/www.oknobuild.com\/wp-content\/uploads\/2026\/SK0016089-CZ20260425-091535-0-1777079743-ILUX-200880.webp","contentUrl":"https:\/\/www.oknobuild.com\/wp-content\/uploads\/2026\/SK0016089-CZ20260425-091535-0-1777079743-ILUX-200880.webp","width":800,"height":800},{"@type":"BreadcrumbList","@id":"https:\/\/www.oknobuild.com\/index.php\/produkt\/zlevneny-ukoncena-vyroba-ampolla-2-sp1-bianco-ideallux-76504\/#breadcrumb","itemListElement":[{"@type":"ListItem","position":1,"name":"Home","item":"https:\/\/www.oknobuild.com\/"},{"@type":"ListItem","position":2,"name":"Products","item":"https:\/\/www.oknobuild.com\/index.php\/products\/"},{"@type":"ListItem","position":3,"name":"Zlevn\u011bn\u00fd UKON\u010cENA V\u00ddROBA AMPOLLA-2 SP1 BIANCO &#8211; IDEALLUX"}]},{"@type":"WebSite","@id":"https:\/\/www.oknobuild.com\/#website","url":"https:\/\/www.oknobuild.com\/","name":"","description":"","potentialAction":[{"@type":"SearchAction","target":{"@type":"EntryPoint","urlTemplate":"https:\/\/www.oknobuild.com\/?s={search_term_string}"},"query-input":{"@type":"PropertyValueSpecification","valueRequired":true,"valueName":"search_term_string"}}],"inLanguage":"cs"}]}},"_links":{"self":[{"href":"https:\/\/www.oknobuild.com\/index.php\/wp-json\/wp\/v2\/product\/76504","targetHints":{"allow":["GET"]}}],"collection":[{"href":"https:\/\/www.oknobuild.com\/index.php\/wp-json\/wp\/v2\/product"}],"about":[{"href":"https:\/\/www.oknobuild.com\/index.php\/wp-json\/wp\/v2\/types\/product"}],"replies":[{"embeddable":true,"href":"https:\/\/www.oknobuild.com\/index.php\/wp-json\/wp\/v2\/comments?post=76504"}],"wp:featuredmedia":[{"embeddable":true,"href":"https:\/\/www.oknobuild.com\/index.php\/wp-json\/wp\/v2\/media\/76604"}],"wp:attachment":[{"href":"https:\/\/www.oknobuild.com\/index.php\/wp-json\/wp\/v2\/media?parent=76504"}],"wp:term":[{"taxonomy":"product_brand","embeddable":true,"href":"https:\/\/www.oknobuild.com\/index.php\/wp-json\/wp\/v2\/product_brand?post=76504"},{"taxonomy":"product_cat","embeddable":true,"href":"https:\/\/www.oknobuild.com\/index.php\/wp-json\/wp\/v2\/product_cat?post=76504"},{"taxonomy":"product_tag","embeddable":true,"href":"https:\/\/www.oknobuild.com\/index.php\/wp-json\/wp\/v2\/product_tag?post=76504"}],"curies":[{"name":"wp","href":"https:\/\/api.w.org\/{rel}","templated":true}]}}