{"id":76968,"date":"2026-04-27T04:44:04","date_gmt":"2026-04-27T04:44:04","guid":{"rendered":""},"modified":"2026-04-27T04:44:04","modified_gmt":"2026-04-27T04:44:04","slug":"a-line-sp1-d13-bianco-ideallux-casove-omezene-76968","status":"publish","type":"product","link":"https:\/\/www.oknobuild.com\/index.php\/produkt\/a-line-sp1-d13-bianco-ideallux-casove-omezene-76968\/","title":{"rendered":"A-LINE SP1 D13 BIANCO &#8211; IDEALLUX \u010casov\u011b Omezen\u00e9"},"content":{"rendered":"<h3 class=\"product-h3\">Popis produktu<\/h3>\n<p>Z\u00e1v\u011bsn\u00e9 sv\u00edtidlo A-Line SP1 z kolekce interi\u00e9rov\u00e9ho osv\u011btlen\u00ed Ideal Lux v men\u0161\u00edm proveden\u00ed se hod\u00ed do klasicky a modern\u011b za\u0159\u00edzen\u00fdch m\u00edstnost\u00ed. Vkusn\u011b osv\u00edt\u00ed Va\u0161i kuchy\u0148skou linku, j\u00eddeln\u00ed \u010di pracovn\u00ed st\u016fl. Sv\u00edtidlo je vyrobeno z kovu s matn\u011b b\u00edlou povrchovou \u00fapravou nan\u00e1\u0161enou metodou pr\u00e1\u0161kov\u00e1n\u00ed. Z\u00e1v\u011bsn\u00fd kabel je pota\u017een \u010dernou tkaninou a lze jej v\u00fd\u0161kov\u011b nastavit od 17,5 cm do 226,5 cm d\u00e9lky. Difuzor ku\u017eelovit\u00e9ho tvaru o pr\u016fm\u011bru 13cm je osazen patic\u00ed GU10 o maxim\u00e1ln\u00edm p\u0159\u00edkonu 1 x 28W. Sou\u010d\u00e1st\u00ed balen\u00ed je LED GU10 \u017e\u00e1rovka s p\u0159\u00edkonem 7W a teplotou chromati\u010dnosti 3000K (obj. k\u00f3d 123943). Kryt\u00ed IP20 je ur\u010deno pro vnit\u0159n\u00ed mont\u00e1\u017e.<\/p>\n<\/p><\/div>\n<\/p><\/div>\n<p><\/p>\n<div class=\"top-params\">\n<h3 class=\"product-h3 collapse-header \" data-toggle=\"collapse\" data-target=\"#collapseOne\" aria-expanded=\"true\" aria-controls=\"collapseOne\">Parametry<\/h3>\n<div id=\"collapseOne\" class=\"collapse show\" aria-labelledby=\"headingOne\" data-parent=\"#product-info-accordion1\">\n<table class=\"table-striped\">\n<tr>\n<td>                T\u0159\u00edda ochrany            <\/td>\n<td>                II            <\/td>\n<\/tr>\n<tr>\n<td>                Hmotnost g            <\/td>\n<td>                330            <\/td>\n<\/tr>\n<tr>\n<td>                Energetick\u00e1 \u00fa\u010dinnost            <\/td>\n<td>                F            <\/td>\n<\/tr>\n<tr>\n<td>                \u0160\u00ed\u0159ka v mm            <\/td>\n<td>                130            <\/td>\n<\/tr>\n<tr>\n<td>                Pr\u016fm\u011br v mm            <\/td>\n<td>                130            <\/td>\n<\/tr>\n<tr>\n<td>                D\u00e9lka v mm            <\/td>\n<td>                130            <\/td>\n<\/tr>\n<tr>\n<td>                Ochrana IP            <\/td>\n<td>                IP20            <\/td>\n<\/tr>\n<tr>\n<td>                Sv\u011bteln\u00fd tok            <\/td>\n<td>                640lm            <\/td>\n<\/tr>\n<tr>\n<td>                Teplota barvy sv\u011btla            <\/td>\n<td>                3000K            <\/td>\n<\/tr>\n<tr>\n<td>                Max. p\u0159\u00edkon sv\u011bteln\u00e9ho zdroje            <\/td>\n<td>                28W            <\/td>\n<\/tr>\n<tr>\n<td>                V\u00fdkon            <\/td>\n<td>                28W            <\/td>\n<\/tr>\n<tr>\n<td>                Patice            <\/td>\n<td>                GU10            <\/td>\n<\/tr>\n<tr>\n<td>                V\u010detn\u011b sv\u011bteln\u00e9ho zdroje            <\/td>\n<td>                ano            <\/td>\n<\/tr>\n<tr>\n<td>                Materi\u00e1l            <\/td>\n<td>                kov            <\/td>\n<\/tr>\n<tr>\n<td>                Barva            <\/td>\n<td>                b\u00edl\u00e1            <\/td>\n<\/tr>\n<tr>\n<td>                Po\u010det sv\u011bteln\u00fdch zdroj\u016f            <\/td>\n<td>                1            <\/td>\n<\/tr>\n<tr>\n<td>                V\u00fdrobce            <\/td>\n<td>                IDEALLUX            <\/td>\n<\/tr>\n<tr>\n<td>                V\u00fd\u0161ka v mm            <\/td>\n<td>                2115            <\/td>\n<\/tr>\n<tr>\n<td>                Nap\u00e1jec\u00ed nap\u011bt\u00ed            <\/td>\n<td>                220-240V            <\/td>\n<\/tr>\n<tr>\n<td>                Kolekce            <\/td>\n<td>                A-LINE            <\/td>\n<\/tr>\n<tr>\n<td>                U v\u00fdrobce dostupn\u00fdch            <\/td>\n<td>                412                    ks            <\/td>\n<\/tr>\n<\/table>\n<\/div><\/div>\n<\/div>\n<div class=\"accordion\" id=\"product-info-accordion2\">\n","protected":false},"excerpt":{"rendered":"<p>Popis produktu Z\u00e1v\u011bsn\u00e9 sv\u00edtidlo A-Line SP1 z kolekce interi\u00e9rov\u00e9ho osv\u011btlen\u00ed Ideal Lux v men\u0161\u00edm proveden\u00ed se hod\u00ed do klasicky a modern\u011b za\u0159\u00edzen\u00fdch m\u00edstnost\u00ed. Vkusn\u011b osv\u00edt\u00ed Va\u0161i kuchy\u0148skou linku, j\u00eddeln\u00ed \u010di pracovn\u00ed st\u016fl. Sv\u00edtidlo je vyrobeno z kovu s matn\u011b b\u00edlou povrchovou \u00fapravou nan\u00e1\u0161enou metodou pr\u00e1\u0161kov\u00e1n\u00ed. Z\u00e1v\u011bsn\u00fd kabel je pota\u017een \u010dernou tkaninou a lze jej v\u00fd\u0161kov\u011b [&hellip;]<\/p>\n","protected":false},"featured_media":77068,"comment_status":"open","ping_status":"open","template":"","meta":[],"product_brand":[],"product_cat":[32],"product_tag":[],"class_list":{"0":"post-76968","1":"product","2":"type-product","3":"status-publish","4":"has-post-thumbnail","6":"product_cat-interierova-svitidla","8":"first","9":"instock","10":"sale","11":"shipping-taxable","12":"purchasable","13":"product-type-simple"},"yoast_head":"<!-- This site is optimized with the Yoast SEO plugin v26.8 - https:\/\/yoast.com\/product\/yoast-seo-wordpress\/ -->\n<title>A-LINE SP1 D13 BIANCO - IDEALLUX \u010casov\u011b Omezen\u00e9 -<\/title>\n<meta name=\"robots\" content=\"index, follow, max-snippet:-1, max-image-preview:large, max-video-preview:-1\" \/>\n<link rel=\"canonical\" href=\"https:\/\/www.oknobuild.com\/index.php\/produkt\/a-line-sp1-d13-bianco-ideallux-casove-omezene-76968\/\" \/>\n<meta property=\"og:locale\" content=\"cs_CZ\" \/>\n<meta property=\"og:type\" content=\"article\" \/>\n<meta property=\"og:title\" content=\"A-LINE SP1 D13 BIANCO - IDEALLUX \u010casov\u011b Omezen\u00e9 -\" \/>\n<meta property=\"og:description\" content=\"Popis produktu Z\u00e1v\u011bsn\u00e9 sv\u00edtidlo A-Line SP1 z kolekce interi\u00e9rov\u00e9ho osv\u011btlen\u00ed Ideal Lux v men\u0161\u00edm proveden\u00ed se hod\u00ed do klasicky a modern\u011b za\u0159\u00edzen\u00fdch m\u00edstnost\u00ed. Vkusn\u011b osv\u00edt\u00ed Va\u0161i kuchy\u0148skou linku, j\u00eddeln\u00ed \u010di pracovn\u00ed st\u016fl. Sv\u00edtidlo je vyrobeno z kovu s matn\u011b b\u00edlou povrchovou \u00fapravou nan\u00e1\u0161enou metodou pr\u00e1\u0161kov\u00e1n\u00ed. Z\u00e1v\u011bsn\u00fd kabel je pota\u017een \u010dernou tkaninou a lze jej v\u00fd\u0161kov\u011b [&hellip;]\" \/>\n<meta property=\"og:url\" content=\"https:\/\/www.oknobuild.com\/index.php\/produkt\/a-line-sp1-d13-bianco-ideallux-casove-omezene-76968\/\" \/>\n<meta property=\"og:image\" content=\"https:\/\/www.oknobuild.com\/wp-content\/uploads\/2026\/SK0016364-CZ20260425-091535-0-1777079743-ILUX-232690.webp\" \/>\n\t<meta property=\"og:image:width\" content=\"800\" \/>\n\t<meta property=\"og:image:height\" content=\"800\" \/>\n\t<meta property=\"og:image:type\" content=\"image\/webp\" \/>\n<meta name=\"twitter:card\" content=\"summary_large_image\" \/>\n<meta name=\"twitter:label1\" content=\"Odhadovan\u00e1 doba \u010dten\u00ed\" \/>\n\t<meta name=\"twitter:data1\" content=\"1 minuta\" \/>\n<script type=\"application\/ld+json\" class=\"yoast-schema-graph\">{\"@context\":\"https:\/\/schema.org\",\"@graph\":[{\"@type\":\"WebPage\",\"@id\":\"https:\/\/www.oknobuild.com\/index.php\/produkt\/a-line-sp1-d13-bianco-ideallux-casove-omezene-76968\/\",\"url\":\"https:\/\/www.oknobuild.com\/index.php\/produkt\/a-line-sp1-d13-bianco-ideallux-casove-omezene-76968\/\",\"name\":\"A-LINE SP1 D13 BIANCO - IDEALLUX \u010casov\u011b Omezen\u00e9 -\",\"isPartOf\":{\"@id\":\"https:\/\/www.oknobuild.com\/#website\"},\"primaryImageOfPage\":{\"@id\":\"https:\/\/www.oknobuild.com\/index.php\/produkt\/a-line-sp1-d13-bianco-ideallux-casove-omezene-76968\/#primaryimage\"},\"image\":{\"@id\":\"https:\/\/www.oknobuild.com\/index.php\/produkt\/a-line-sp1-d13-bianco-ideallux-casove-omezene-76968\/#primaryimage\"},\"thumbnailUrl\":\"https:\/\/www.oknobuild.com\/wp-content\/uploads\/2026\/SK0016364-CZ20260425-091535-0-1777079743-ILUX-232690.webp\",\"datePublished\":\"2026-04-27T04:44:04+00:00\",\"breadcrumb\":{\"@id\":\"https:\/\/www.oknobuild.com\/index.php\/produkt\/a-line-sp1-d13-bianco-ideallux-casove-omezene-76968\/#breadcrumb\"},\"inLanguage\":\"cs\",\"potentialAction\":[{\"@type\":\"ReadAction\",\"target\":[\"https:\/\/www.oknobuild.com\/index.php\/produkt\/a-line-sp1-d13-bianco-ideallux-casove-omezene-76968\/\"]}]},{\"@type\":\"ImageObject\",\"inLanguage\":\"cs\",\"@id\":\"https:\/\/www.oknobuild.com\/index.php\/produkt\/a-line-sp1-d13-bianco-ideallux-casove-omezene-76968\/#primaryimage\",\"url\":\"https:\/\/www.oknobuild.com\/wp-content\/uploads\/2026\/SK0016364-CZ20260425-091535-0-1777079743-ILUX-232690.webp\",\"contentUrl\":\"https:\/\/www.oknobuild.com\/wp-content\/uploads\/2026\/SK0016364-CZ20260425-091535-0-1777079743-ILUX-232690.webp\",\"width\":800,\"height\":800},{\"@type\":\"BreadcrumbList\",\"@id\":\"https:\/\/www.oknobuild.com\/index.php\/produkt\/a-line-sp1-d13-bianco-ideallux-casove-omezene-76968\/#breadcrumb\",\"itemListElement\":[{\"@type\":\"ListItem\",\"position\":1,\"name\":\"Home\",\"item\":\"https:\/\/www.oknobuild.com\/\"},{\"@type\":\"ListItem\",\"position\":2,\"name\":\"Products\",\"item\":\"https:\/\/www.oknobuild.com\/index.php\/products\/\"},{\"@type\":\"ListItem\",\"position\":3,\"name\":\"A-LINE SP1 D13 BIANCO &#8211; IDEALLUX \u010casov\u011b Omezen\u00e9\"}]},{\"@type\":\"WebSite\",\"@id\":\"https:\/\/www.oknobuild.com\/#website\",\"url\":\"https:\/\/www.oknobuild.com\/\",\"name\":\"\",\"description\":\"\",\"potentialAction\":[{\"@type\":\"SearchAction\",\"target\":{\"@type\":\"EntryPoint\",\"urlTemplate\":\"https:\/\/www.oknobuild.com\/?s={search_term_string}\"},\"query-input\":{\"@type\":\"PropertyValueSpecification\",\"valueRequired\":true,\"valueName\":\"search_term_string\"}}],\"inLanguage\":\"cs\"}]}<\/script>\n<!-- \/ Yoast SEO plugin. -->","yoast_head_json":{"title":"A-LINE SP1 D13 BIANCO - IDEALLUX \u010casov\u011b Omezen\u00e9 -","robots":{"index":"index","follow":"follow","max-snippet":"max-snippet:-1","max-image-preview":"max-image-preview:large","max-video-preview":"max-video-preview:-1"},"canonical":"https:\/\/www.oknobuild.com\/index.php\/produkt\/a-line-sp1-d13-bianco-ideallux-casove-omezene-76968\/","og_locale":"cs_CZ","og_type":"article","og_title":"A-LINE SP1 D13 BIANCO - IDEALLUX \u010casov\u011b Omezen\u00e9 -","og_description":"Popis produktu Z\u00e1v\u011bsn\u00e9 sv\u00edtidlo A-Line SP1 z kolekce interi\u00e9rov\u00e9ho osv\u011btlen\u00ed Ideal Lux v men\u0161\u00edm proveden\u00ed se hod\u00ed do klasicky a modern\u011b za\u0159\u00edzen\u00fdch m\u00edstnost\u00ed. Vkusn\u011b osv\u00edt\u00ed Va\u0161i kuchy\u0148skou linku, j\u00eddeln\u00ed \u010di pracovn\u00ed st\u016fl. Sv\u00edtidlo je vyrobeno z kovu s matn\u011b b\u00edlou povrchovou \u00fapravou nan\u00e1\u0161enou metodou pr\u00e1\u0161kov\u00e1n\u00ed. Z\u00e1v\u011bsn\u00fd kabel je pota\u017een \u010dernou tkaninou a lze jej v\u00fd\u0161kov\u011b [&hellip;]","og_url":"https:\/\/www.oknobuild.com\/index.php\/produkt\/a-line-sp1-d13-bianco-ideallux-casove-omezene-76968\/","og_image":[{"width":800,"height":800,"url":"https:\/\/www.oknobuild.com\/wp-content\/uploads\/2026\/SK0016364-CZ20260425-091535-0-1777079743-ILUX-232690.webp","type":"image\/webp"}],"twitter_card":"summary_large_image","twitter_misc":{"Odhadovan\u00e1 doba \u010dten\u00ed":"1 minuta"},"schema":{"@context":"https:\/\/schema.org","@graph":[{"@type":"WebPage","@id":"https:\/\/www.oknobuild.com\/index.php\/produkt\/a-line-sp1-d13-bianco-ideallux-casove-omezene-76968\/","url":"https:\/\/www.oknobuild.com\/index.php\/produkt\/a-line-sp1-d13-bianco-ideallux-casove-omezene-76968\/","name":"A-LINE SP1 D13 BIANCO - IDEALLUX \u010casov\u011b Omezen\u00e9 -","isPartOf":{"@id":"https:\/\/www.oknobuild.com\/#website"},"primaryImageOfPage":{"@id":"https:\/\/www.oknobuild.com\/index.php\/produkt\/a-line-sp1-d13-bianco-ideallux-casove-omezene-76968\/#primaryimage"},"image":{"@id":"https:\/\/www.oknobuild.com\/index.php\/produkt\/a-line-sp1-d13-bianco-ideallux-casove-omezene-76968\/#primaryimage"},"thumbnailUrl":"https:\/\/www.oknobuild.com\/wp-content\/uploads\/2026\/SK0016364-CZ20260425-091535-0-1777079743-ILUX-232690.webp","datePublished":"2026-04-27T04:44:04+00:00","breadcrumb":{"@id":"https:\/\/www.oknobuild.com\/index.php\/produkt\/a-line-sp1-d13-bianco-ideallux-casove-omezene-76968\/#breadcrumb"},"inLanguage":"cs","potentialAction":[{"@type":"ReadAction","target":["https:\/\/www.oknobuild.com\/index.php\/produkt\/a-line-sp1-d13-bianco-ideallux-casove-omezene-76968\/"]}]},{"@type":"ImageObject","inLanguage":"cs","@id":"https:\/\/www.oknobuild.com\/index.php\/produkt\/a-line-sp1-d13-bianco-ideallux-casove-omezene-76968\/#primaryimage","url":"https:\/\/www.oknobuild.com\/wp-content\/uploads\/2026\/SK0016364-CZ20260425-091535-0-1777079743-ILUX-232690.webp","contentUrl":"https:\/\/www.oknobuild.com\/wp-content\/uploads\/2026\/SK0016364-CZ20260425-091535-0-1777079743-ILUX-232690.webp","width":800,"height":800},{"@type":"BreadcrumbList","@id":"https:\/\/www.oknobuild.com\/index.php\/produkt\/a-line-sp1-d13-bianco-ideallux-casove-omezene-76968\/#breadcrumb","itemListElement":[{"@type":"ListItem","position":1,"name":"Home","item":"https:\/\/www.oknobuild.com\/"},{"@type":"ListItem","position":2,"name":"Products","item":"https:\/\/www.oknobuild.com\/index.php\/products\/"},{"@type":"ListItem","position":3,"name":"A-LINE SP1 D13 BIANCO &#8211; IDEALLUX \u010casov\u011b Omezen\u00e9"}]},{"@type":"WebSite","@id":"https:\/\/www.oknobuild.com\/#website","url":"https:\/\/www.oknobuild.com\/","name":"","description":"","potentialAction":[{"@type":"SearchAction","target":{"@type":"EntryPoint","urlTemplate":"https:\/\/www.oknobuild.com\/?s={search_term_string}"},"query-input":{"@type":"PropertyValueSpecification","valueRequired":true,"valueName":"search_term_string"}}],"inLanguage":"cs"}]}},"_links":{"self":[{"href":"https:\/\/www.oknobuild.com\/index.php\/wp-json\/wp\/v2\/product\/76968","targetHints":{"allow":["GET"]}}],"collection":[{"href":"https:\/\/www.oknobuild.com\/index.php\/wp-json\/wp\/v2\/product"}],"about":[{"href":"https:\/\/www.oknobuild.com\/index.php\/wp-json\/wp\/v2\/types\/product"}],"replies":[{"embeddable":true,"href":"https:\/\/www.oknobuild.com\/index.php\/wp-json\/wp\/v2\/comments?post=76968"}],"wp:featuredmedia":[{"embeddable":true,"href":"https:\/\/www.oknobuild.com\/index.php\/wp-json\/wp\/v2\/media\/77068"}],"wp:attachment":[{"href":"https:\/\/www.oknobuild.com\/index.php\/wp-json\/wp\/v2\/media?parent=76968"}],"wp:term":[{"taxonomy":"product_brand","embeddable":true,"href":"https:\/\/www.oknobuild.com\/index.php\/wp-json\/wp\/v2\/product_brand?post=76968"},{"taxonomy":"product_cat","embeddable":true,"href":"https:\/\/www.oknobuild.com\/index.php\/wp-json\/wp\/v2\/product_cat?post=76968"},{"taxonomy":"product_tag","embeddable":true,"href":"https:\/\/www.oknobuild.com\/index.php\/wp-json\/wp\/v2\/product_tag?post=76968"}],"curies":[{"name":"wp","href":"https:\/\/api.w.org\/{rel}","templated":true}]}}